{"id":2,"date":"2025-04-02T15:54:26","date_gmt":"2025-04-02T15:54:26","guid":{"rendered":"https:\/\/emmanuel-buffet.fr\/?page_id=2"},"modified":"2025-05-20T13:55:04","modified_gmt":"2025-05-20T13:55:04","slug":"sample-page","status":"publish","type":"page","link":"https:\/\/emmanuel-buffet.fr\/?page_id=2","title":{"rendered":"C.V."},"content":{"rendered":"\t\t<div data-elementor-type=\"wp-page\" data-elementor-id=\"2\" class=\"elementor elementor-2\">\n\t\t\t\t<div class=\"elementor-element elementor-element-e629d25 e-con-full e-flex e-con e-parent\" data-id=\"e629d25\" data-element_type=\"container\" data-e-type=\"container\">\n\t\t\t\t<div class=\"elementor-element elementor-element-11464fa elementor-widget elementor-widget-image\" data-id=\"11464fa\" data-element_type=\"widget\" data-e-type=\"widget\" data-widget_type=\"image.default\">\n\t\t\t\t<div class=\"elementor-widget-container\">\n\t\t\t\t\t\t\t\t\t\t\t\t\t\t\t<img fetchpriority=\"high\" decoding=\"async\" width=\"240\" height=\"300\" src=\"https:\/\/emmanuel-buffet.fr\/wp-content\/uploads\/2025\/05\/emmanuel-buffet-comedien-nantes-acteur-voix-off-009-240x300.jpg\" class=\"attachment-medium size-medium wp-image-767\" alt=\"\" srcset=\"https:\/\/emmanuel-buffet.fr\/wp-content\/uploads\/2025\/05\/emmanuel-buffet-comedien-nantes-acteur-voix-off-009-240x300.jpg 240w, https:\/\/emmanuel-buffet.fr\/wp-content\/uploads\/2025\/05\/emmanuel-buffet-comedien-nantes-acteur-voix-off-009-768x960.jpg 768w, https:\/\/emmanuel-buffet.fr\/wp-content\/uploads\/2025\/05\/emmanuel-buffet-comedien-nantes-acteur-voix-off-009-360x450.jpg 360w, https:\/\/emmanuel-buffet.fr\/wp-content\/uploads\/2025\/05\/emmanuel-buffet-comedien-nantes-acteur-voix-off-009-373x466.jpg 373w, https:\/\/emmanuel-buffet.fr\/wp-content\/uploads\/2025\/05\/emmanuel-buffet-comedien-nantes-acteur-voix-off-009-620x775.jpg 620w, https:\/\/emmanuel-buffet.fr\/wp-content\/uploads\/2025\/05\/emmanuel-buffet-comedien-nantes-acteur-voix-off-009-460x575.jpg 460w, https:\/\/emmanuel-buffet.fr\/wp-content\/uploads\/2025\/05\/emmanuel-buffet-comedien-nantes-acteur-voix-off-009-365x456.jpg 365w, https:\/\/emmanuel-buffet.fr\/wp-content\/uploads\/2025\/05\/emmanuel-buffet-comedien-nantes-acteur-voix-off-009-300x375.jpg 300w, https:\/\/emmanuel-buffet.fr\/wp-content\/uploads\/2025\/05\/emmanuel-buffet-comedien-nantes-acteur-voix-off-009.jpg 800w\" sizes=\"(max-width: 240px) 100vw, 240px\" \/>\t\t\t\t\t\t\t\t\t\t\t\t\t\t\t<\/div>\n\t\t\t\t<\/div>\n\t\t\t\t<div class=\"elementor-element elementor-element-82bc0df elementor-widget elementor-widget-avas-animated-heading\" data-id=\"82bc0df\" data-element_type=\"widget\" data-e-type=\"widget\" data-widget_type=\"avas-animated-heading.default\">\n\t\t\t\t<div class=\"elementor-widget-container\">\n\t\t\t\t\t\n    <div class=\"tx-animated-heading-wrap\" data-settings=\"{&quot;styles&quot;:&quot;typed&quot;,&quot;strings&quot;:[&quot;Emmanuel Buffet&quot;],&quot;typeSpeed&quot;:70,&quot;startDelay&quot;:500,&quot;backSpeed&quot;:40,&quot;backDelay&quot;:20000,&quot;loop&quot;:true,&quot;loopCount&quot;:&quot;infinity&quot;}\" >\n\n        \n            <h2 class=\"tx-animated-heading\">\n                <span class=\"tx-animated-heading-before-text\"><\/span>\n                                <span id=\"tx-ah-82bc0df\" class=\"tx-animated-txt\"><\/span>\n                                <span class=\"tx-animated-heading-after-text\"><\/span>\n            <\/h2>\n\n        \n    <\/div>\n\n\n\n\t\t\t\t<\/div>\n\t\t\t\t<\/div>\n\t\t\t\t<div class=\"elementor-element elementor-element-21777f8 elementor-widget elementor-widget-avas-animated-heading\" data-id=\"21777f8\" data-element_type=\"widget\" data-e-type=\"widget\" data-widget_type=\"avas-animated-heading.default\">\n\t\t\t\t<div class=\"elementor-widget-container\">\n\t\t\t\t\t\n    <div class=\"tx-animated-heading-wrap\" data-settings=\"{&quot;styles&quot;:&quot;typed&quot;,&quot;strings&quot;:[&quot;FILMS CINEMA ET TELEVISIONS&quot;],&quot;typeSpeed&quot;:70,&quot;startDelay&quot;:500,&quot;backSpeed&quot;:40,&quot;backDelay&quot;:20000,&quot;loop&quot;:true,&quot;loopCount&quot;:&quot;infinity&quot;}\" >\n\n        \n            <h4 class=\"tx-animated-heading\">\n                <span class=\"tx-animated-heading-before-text\"><\/span>\n                                <span id=\"tx-ah-21777f8\" class=\"tx-animated-txt\"><\/span>\n                                <span class=\"tx-animated-heading-after-text\"><\/span>\n            <\/h4>\n\n        \n    <\/div>\n\n\n\n\t\t\t\t<\/div>\n\t\t\t\t<\/div>\n\t\t\t\t<div class=\"elementor-element elementor-element-c497f5e elementor-widget elementor-widget-text-editor\" data-id=\"c497f5e\" data-element_type=\"widget\" data-e-type=\"widget\" data-widget_type=\"text-editor.default\">\n\t\t\t\t<div class=\"elementor-widget-container\">\n\t\t\t\t\t\t\t\t\t<ul><li><span class=\"wixui-rich-text__text\">Bis repetita\u00a0&#8211; Emilie Noblet &#8211; R\u00f4le &#8211; Chauffeur du minibus (2023)<\/span><\/li><li><span class=\"wixui-rich-text__text\">Et maintenant<\/span><span class=\"wixui-rich-text__text\">\u00a0&#8211; Lucien Jean Baptiste &#8211; R\u00f4le &#8211; Chauffeur de taxi (2023)<\/span><\/li><li><span class=\"wixui-rich-text__text\">Mademoiselle Holmes\u00a0&#8211; Fr\u00e9d\u00e9ric Berthe et Fran\u00e7ois Ryckelynck &#8211; Policier civil (2023)<\/span><\/li><li><span class=\"wixui-rich-text__text\">Emily in Paris\u00a0&#8211; Darren Star &#8211; Un passant (2022)<\/span><\/li><li><span class=\"wixui-rich-text__text\">Sauver Lisa\u00a0&#8211; Yann Samuell &#8211; R\u00f4le &#8211; Policier sur le quai (2020)<\/span><\/li><li><span class=\"wixui-rich-text__text\">Les vacances du petit Nicolas\u00a0&#8211; Laurent tirard &#8211; gendarme (2013)<\/span><\/li><li><span class=\"wixui-rich-text__text\">Das Boot\u00a0&#8211; Andreas Prochaska &#8211; Soudeur (2017)<\/span><\/li><li><span class=\"wixui-rich-text__text\">French Touch\u00a0&#8211; Nicolas Castro &#8211; Infirmier (2016)<\/span><\/li><li><span class=\"wixui-rich-text__text\">L&rsquo;Or breton\u00a0&#8211; Thomas Roth &#8211; Touriste (2014)<\/span><\/li><li><span class=\"wixui-rich-text__text\">Meurtre \u00e0 Ile d&rsquo;<\/span><span class=\"wixui-rich-text__text\">Yeu<\/span><span class=\"wixui-rich-text__text\">\u00a0&#8211; Fran\u00e7ois Gu\u00e9rin &#8211; M\u00e9decin (2016)<\/span><\/li><\/ul>\t\t\t\t\t\t\t\t<\/div>\n\t\t\t\t<\/div>\n\t\t\t\t<\/div>\n\t\t<div class=\"elementor-element elementor-element-0f49615 e-con-full e-flex e-con e-parent\" data-id=\"0f49615\" data-element_type=\"container\" data-e-type=\"container\">\n\t\t\t\t<div class=\"elementor-element elementor-element-8dbc85d elementor-widget elementor-widget-avas-animated-heading\" data-id=\"8dbc85d\" data-element_type=\"widget\" data-e-type=\"widget\" data-widget_type=\"avas-animated-heading.default\">\n\t\t\t\t<div class=\"elementor-widget-container\">\n\t\t\t\t\t\n    <div class=\"tx-animated-heading-wrap\" data-settings=\"{&quot;styles&quot;:&quot;typed&quot;,&quot;strings&quot;:[&quot;FILMS COURTS METRAGES&quot;],&quot;typeSpeed&quot;:70,&quot;startDelay&quot;:500,&quot;backSpeed&quot;:40,&quot;backDelay&quot;:10000,&quot;loop&quot;:true,&quot;loopCount&quot;:&quot;infinity&quot;}\" >\n\n        \n            <h4 class=\"tx-animated-heading\">\n                <span class=\"tx-animated-heading-before-text\"><\/span>\n                                <span id=\"tx-ah-8dbc85d\" class=\"tx-animated-txt\"><\/span>\n                                <span class=\"tx-animated-heading-after-text\"><\/span>\n            <\/h4>\n\n        \n    <\/div>\n\n\n\n\t\t\t\t<\/div>\n\t\t\t\t<\/div>\n\t\t\t\t<div class=\"elementor-element elementor-element-95ad062 elementor-widget elementor-widget-text-editor\" data-id=\"95ad062\" data-element_type=\"widget\" data-e-type=\"widget\" data-widget_type=\"text-editor.default\">\n\t\t\t\t<div class=\"elementor-widget-container\">\n\t\t\t\t\t\t\t\t\t<ul><li><span class=\"wixui-rich-text__text\">Coruscant<\/span><span class=\"wixui-rich-text__text\">\u00a0&#8211; Jean Marie Mar\u00e7ais &#8211; Barbier (2024)<\/span><\/li><li><span class=\"wixui-rich-text__text\"><a class=\"wixui-rich-text__text\" href=\"https:\/\/www.festivalnikon.fr\/video\/2020\/352\" target=\"_blank\" rel=\"noreferrer noopener\">Sur le compte de la police\u00a0&#8211; Romain Ta<\/a><\/span><span class=\"wixui-rich-text__text\"><a class=\"wixui-rich-text__text\" href=\"https:\/\/www.festivalnikon.fr\/video\/2020\/352\" target=\"_blank\" rel=\"noreferrer noopener\">mino Forge &#8211; Jacky (2023)<\/a><\/span><\/li><li><span class=\"wixui-rich-text__text\"><a class=\"wixui-rich-text__text\" href=\"https:\/\/www.festivalnikon.fr\/video\/2020\/352\" target=\"_blank\" rel=\"noreferrer noopener\">L<\/a><\/span><span class=\"wixui-rich-text__text\"><a class=\"wixui-rich-text__text\" href=\"https:\/\/www.festivalnikon.fr\/video\/2020\/352\" target=\"_blank\" rel=\"noreferrer noopener\">e bruit du Silence\u00a0&#8211; Victor Cesca &#8211; Voisin Perturbant (2021)<\/a><\/span><\/li><li><span class=\"wixui-rich-text__text\"><a class=\"wixui-rich-text__text\" href=\"https:\/\/christellejeanne14.wixsite.com\/artiste\" target=\"_blank\" rel=\"noreferrer noopener\">A temps\u00a0&#8211; Christelle Jeanne<\/a>\u00a0&#8211; R\u00f4le \u00ab\u00a0Voix off du P\u00e8re\u00a0\u00bb (2021)<\/span><\/li><li><span class=\"wixui-rich-text__text\">Le cadeau\u00a0&#8211; Vincent David &#8211; R\u00f4le \u00ab\u00a0le<\/span><span class=\"wixui-rich-text__text\">\u00a0donneur\u00a0\u00bb (2021)<\/span><\/li><li><span class=\"wixui-rich-text__text\">Le Chateau sur la hauteur\u00a0&#8211; R\u00f4le &#8211; Le Chevalier Geoffroy Crespin (2021)<br class=\"wixui-rich-text__text\" \/>Richard et Pedro et une coupure de courant\u00a0&#8211; Baptiste Rebmann &#8211; R\u00f4le : Richard l&rsquo;agent de secu &amp; Homme \u00e0 la combi vert fluo (2020)<\/span><\/li><li><span class=\"wixui-rich-text__text\">La fin de L&rsquo;innocence\u00a0&#8211; Ad\u00e9la\u00efde Nicvert &#8211; R\u00f4le Tueur en s\u00e9rie (2020)<\/span><\/li><li><span class=\"wixui-rich-text__text\">Ralentir\u00a0&#8211; Math\u00e9o Gonnin &#8211; R\u00f4le : Employ\u00e9 de bureau (2020)<\/span><\/li><li><span class=\"wixui-rich-text__text\"><a class=\"wixui-rich-text__text\" href=\"https:\/\/www.imdb.com\/title\/tt10139318\/mediaviewer\/rm4003488000\/\" target=\"_blank\" rel=\"noreferrer noopener\">L&rsquo;annonce\u00a0&#8211; Ad\u00e9la\u00efde Nicvert<\/a>\u00a0&#8211; R\u00f4le : Acheteur de voiture \u00e9nerv\u00e9 (2019)<\/span><\/li><li><span class=\"wixui-rich-text__text\">Derni\u00e8re \u00e9tape\u00a0&#8211;\u00a0<a class=\"wixui-rich-text__text\" href=\"https:\/\/www.facebook.com\/matteo.gonnin.1\" target=\"_blank\" rel=\"noreferrer noopener\">Matteo Gonnin<\/a>\u00a0&#8211; P\u00e8re de Famille \u00ab\u00a0\u00e9gar\u00e9\u00a0\u00bb\u00a0<\/span><\/li><li><span class=\"wixui-rich-text__text\"><a class=\"wixui-rich-text__text\" href=\"https:\/\/www.youtube.com\/watch?v=fq05zDUWHpo\" target=\"_blank\" rel=\"noreferrer noopener\">Jusqu&rsquo;\u00e0 que la mort nous r\u00e9pare &#8211;\u00a0Johan Morel\u00a0<\/a>&#8211;\u00a0inspecteur de police<\/span><\/li><li><span class=\"wixui-rich-text__text\">A tout prix\u00a0&#8211; Alexia Merr\u00e9 &#8211; Homme d&rsquo;affaire\u00a0 (2018)\u00a0<\/span><\/li><li><span class=\"wixui-rich-text__text\">Je suis un dessin\u00a0&#8211;\u00a0<a class=\"wixui-rich-text__text\" href=\"https:\/\/www.facebook.com\/virginie.dealmeida.9\" target=\"_blank\" rel=\"noreferrer noopener\">Virginie De Almeida<\/a>\u00a0&#8211; P\u00e8re de famille (2017)<\/span><\/li><li><span class=\"wixui-rich-text__text\"><a class=\"wixui-rich-text__text\" href=\"https:\/\/www.youtube.com\/watch?v=FbzTRR_ELDg\" target=\"_blank\" rel=\"noreferrer noopener\">La Best du G\u00e9vaudan<\/a>\u00a0&#8211; Vincent David &#8211;\u00a0<a class=\"wixui-rich-text__text\" href=\"https:\/\/www.lanouvellerepublique.fr\/blois\/un-vaudeville-revolutionnaire-joue-a-blois\" target=\"_blank\" rel=\"noreferrer noopener\">Modeste de Belgrange<\/a>\u00a0<\/span><\/li><li><span class=\"wixui-rich-text__text\"><a class=\"wixui-rich-text__text\" href=\"https:\/\/www.facebook.com\/225690604290464\/videos\/767315470127972\" target=\"_blank\" rel=\"noreferrer noopener\">Temp\u00eate au placard<\/a>\u00a0&#8211;\u00a0<a class=\"wixui-rich-text__text\" href=\"https:\/\/www.xavierplouchart.com\/\" target=\"_blank\" rel=\"noreferrer noopener\">Xavier Plouchart\u00a0<\/a>&#8211; Homme de bureau \u00ab\u00a0d\u00e9pressif\u00a0\u00bb\u00a0<\/span><\/li><li><span class=\"wixui-rich-text__text\"><a class=\"wixui-rich-text__text\" href=\"https:\/\/vimeo.com\/216033688\" target=\"_blank\" rel=\"noreferrer noopener\">Les nomophobes Anonymes\u00a0&#8211; Anthony Bessonnier<\/a>\u00a0&#8211; Un Nomophobes \u00ab\u00a0stress\u00e9\u00a0\u00bb\u00a0<\/span><\/li><li><span class=\"wixui-rich-text__text\"><a class=\"wixui-rich-text__text\" href=\"https:\/\/www.youtube.com\/watch?v=f68zgc0kfHw\" target=\"_blank\" rel=\"noreferrer noopener\">Paradoxe et Conif\u00e8re\u00a0&#8211; Romain Tamino Forge<\/a>\u00a0&#8211; R\u00e9alisateur et Homme \u00ab\u00a0Bouteille de ketchup\u00a0\u00bb<\/span><\/li><li><span class=\"wixui-rich-text__text\">Prix du publique &#8211; FESTIVAL FILM COURT<\/span><\/li><li><span class=\"wixui-rich-text__text\"><a class=\"wixui-rich-text__text\" href=\"https:\/\/www.youtube.com\/watch?v=e80GuwOVoJk\" target=\"_blank\" rel=\"noreferrer noopener\">Grroargll<\/a>\u00a0&#8211;\u00a0<a class=\"wixui-rich-text__text\" href=\"https:\/\/www.facebook.com\/vincent.david.779\" target=\"_blank\" rel=\"noreferrer noopener\">Vincent David\u00a0<\/a>&#8211; Zombie (2015) &#8211;\u00a0prix du jury cat\u00e9gorie metteur en sc\u00e8ne \u00ab\u00a0VINCENT DAVID\u00a0\u00bb\u00a0<\/span><\/li><li><span class=\"wixui-rich-text__text\">Plus \u00a0un geste\u00a0&#8211; Vincent David &#8211; Braqueur de banque<\/span><\/li><li><span class=\"wixui-rich-text__text\"><a class=\"wixui-rich-text__text\" href=\"https:\/\/vimeo.com\/117532164\" target=\"_blank\" rel=\"noreferrer noopener\">Le choix des armes<\/a>\u00a0&#8211;\u00a0<a class=\"wixui-rich-text__text\" href=\"https:\/\/www.agencelisearif.fr\/auteur-realisateur\/vincent-david\/\" target=\"_blank\" rel=\"noreferrer noopener\">Vincent David<\/a>\u00a0&#8211; Le Marquis Modeste de Belgarde<\/span><\/li><\/ul>\t\t\t\t\t\t\t\t<\/div>\n\t\t\t\t<\/div>\n\t\t\t\t<\/div>\n\t\t<div class=\"elementor-element elementor-element-7b2b73f e-con-full e-flex e-con e-parent\" data-id=\"7b2b73f\" data-element_type=\"container\" data-e-type=\"container\">\n\t\t\t\t<div class=\"elementor-element elementor-element-b1f17bb elementor-widget elementor-widget-avas-animated-heading\" data-id=\"b1f17bb\" data-element_type=\"widget\" data-e-type=\"widget\" data-widget_type=\"avas-animated-heading.default\">\n\t\t\t\t<div class=\"elementor-widget-container\">\n\t\t\t\t\t\n    <div class=\"tx-animated-heading-wrap\" data-settings=\"{&quot;styles&quot;:&quot;typed&quot;,&quot;strings&quot;:[&quot;CLIPS \\\/ BANDES ANNONCES \\\/ YOUTUBE\\u00a0\\\/\\u00a0FILMS INSTITUTIONNEL&quot;],&quot;typeSpeed&quot;:70,&quot;startDelay&quot;:500,&quot;backSpeed&quot;:40,&quot;backDelay&quot;:20000,&quot;loop&quot;:true,&quot;loopCount&quot;:&quot;infinity&quot;}\" >\n\n        \n            <h4 class=\"tx-animated-heading\">\n                <span class=\"tx-animated-heading-before-text\"><\/span>\n                                <span id=\"tx-ah-b1f17bb\" class=\"tx-animated-txt\"><\/span>\n                                <span class=\"tx-animated-heading-after-text\"><\/span>\n            <\/h4>\n\n        \n    <\/div>\n\n\n\n\t\t\t\t<\/div>\n\t\t\t\t<\/div>\n\t\t\t\t<div class=\"elementor-element elementor-element-ae71cac elementor-widget elementor-widget-text-editor\" data-id=\"ae71cac\" data-element_type=\"widget\" data-e-type=\"widget\" data-widget_type=\"text-editor.default\">\n\t\t\t\t<div class=\"elementor-widget-container\">\n\t\t\t\t\t\t\t\t\t<ul><li><span class=\"wixui-rich-text__text\">GMV\u00a0<\/span><span class=\"wixui-rich-text__text\">Agglom\u00e9ration<\/span><span class=\"wixui-rich-text__text\">\u00a0&#8211; Mstream &#8211; R\u00f4le &#8211; Papa qui d\u00e9coupe des bottes (2023)<\/span><\/li><li><span class=\"wixui-rich-text__text\">Joueur du Grenier (hors\u00a0<\/span><span class=\"wixui-rich-text__text\">s\u00e9rie<\/span><span class=\"wixui-rich-text__text\">) Donjons &amp; Dragons<\/span><span class=\"wixui-rich-text__text\">\u00a0&#8211; JDG PROD &#8211; \u00ab\u00a0Fr\u00e9d\u00e9ric Molas, S\u00e9bastien Rassiat, Karim Debbache\u00a0\u00bb &#8211; R\u00f4le &#8211; Damodar (2022)<\/span><\/li><li><span class=\"wixui-rich-text__text\">Back Europ France &#8211;\u00a0Agence Kervert\u00a0&#8211;\u00a0commercial perdu en For\u00eat (2022) \u00a0\u00a0<\/span><\/li><li><span class=\"wixui-rich-text__text\">Year Of No Light &#8211;\u00a0Label Prise &#8211; Homme \u00ab\u00a0souffrance\u00a0\u00bb qui d\u00e9ambule sur la voie de chemin de fer (2021)\u00a0<\/span><\/li><li><span class=\"wixui-rich-text__text\">L&rsquo;\u00e9tudiant et L&rsquo;agriculteur\u00a0&#8211; Guillaume Androuet &#8211;\u00a0 Agriculteur (2021)<\/span><\/li><li><span class=\"wixui-rich-text__text\"><a class=\"wixui-rich-text__text\" href=\"https:\/\/www.facebook.com\/emmanuel.buffet.comedien.voix.off\/videos\/606616370142393\" target=\"_blank\" rel=\"noreferrer noopener\">Flammes<\/a>\u00a0&#8211;\u00a0<a class=\"wixui-rich-text__text\" href=\"https:\/\/www.facebook.com\/labelpriseproduction\/about\/\" target=\"_blank\" rel=\"noreferrer noopener\">Label prise production<\/a>\u00a0&#8211; homme d&rsquo;affaire \u00ab\u00a0col\u00e9rique\u00a0\u00bb (2019)<\/span><\/li><li><span class=\"wixui-rich-text__text\">Litrimarch\u00e9 &#8211;\u00a0Pile et face Production &#8211; R\u00f4le &#8211; Papa testeur de sommiers (2019)<\/span><\/li><li class=\"font_5 wixui-rich-text__text\"><span class=\"wixui-rich-text__text\"><a class=\"wixui-rich-text__text\" href=\"https:\/\/quaidesarts-pornichet.fr\/\" target=\"_blank\" rel=\"noreferrer noopener\">Quai des arts<\/a>\u00a0&#8211;\u00a0<a class=\"wixui-rich-text__text\" href=\"http:\/\/arnault-films.com\/\" target=\"_blank\" rel=\"noreferrer noopener\">Guillaume Arnault<\/a>\u00a0&#8211; homme en costume (2019)<\/span><\/li><li class=\"font_8 wixui-rich-text__text\"><span class=\"wixui-rich-text__text\">Swing Of France<\/span><span class=\"wixui-rich-text__text\">\u00a0&#8211; Vincent David &#8211; Le Roi Ming \u201cchef extraterrestre\u201d (<\/span><span class=\"wixui-rich-text__text\">2017)<\/span><\/li><li class=\"font_8 wixui-rich-text__text\"><span class=\"wixui-rich-text__text\">Chef de projet \u00e0 la SNCF\u00a0<\/span><span class=\"wixui-rich-text__text\">&#8211; Gabriel pilon Arn &#8211; Franck chef de projets informatiques (2016)<\/span><\/li><\/ul>\t\t\t\t\t\t\t\t<\/div>\n\t\t\t\t<\/div>\n\t\t\t\t<\/div>\n\t\t<div class=\"elementor-element elementor-element-cd31616 e-con-full e-flex e-con e-parent\" data-id=\"cd31616\" data-element_type=\"container\" data-e-type=\"container\">\n\t\t\t\t<div class=\"elementor-element elementor-element-16e1fc0 elementor-widget elementor-widget-avas-animated-heading\" data-id=\"16e1fc0\" data-element_type=\"widget\" data-e-type=\"widget\" data-widget_type=\"avas-animated-heading.default\">\n\t\t\t\t<div class=\"elementor-widget-container\">\n\t\t\t\t\t\n    <div class=\"tx-animated-heading-wrap\" data-settings=\"{&quot;styles&quot;:&quot;typed&quot;,&quot;strings&quot;:[&quot;WEB SERIES&quot;],&quot;typeSpeed&quot;:70,&quot;startDelay&quot;:500,&quot;backSpeed&quot;:40,&quot;backDelay&quot;:20000,&quot;loop&quot;:true,&quot;loopCount&quot;:&quot;infinity&quot;}\" >\n\n        \n            <h4 class=\"tx-animated-heading\">\n                <span class=\"tx-animated-heading-before-text\"><\/span>\n                                <span id=\"tx-ah-16e1fc0\" class=\"tx-animated-txt\"><\/span>\n                                <span class=\"tx-animated-heading-after-text\"><\/span>\n            <\/h4>\n\n        \n    <\/div>\n\n\n\n\t\t\t\t<\/div>\n\t\t\t\t<\/div>\n\t\t\t\t<div class=\"elementor-element elementor-element-0b725fa elementor-widget elementor-widget-text-editor\" data-id=\"0b725fa\" data-element_type=\"widget\" data-e-type=\"widget\" data-widget_type=\"text-editor.default\">\n\t\t\t\t<div class=\"elementor-widget-container\">\n\t\t\t\t\t\t\t\t\t<ul><li>Mad Marx &#8211; Incal Agarta &#8211; Flic de la Bac \u00ab\u00a0caract\u00e8re nerveux\u00a0\u00bb (2017)<\/li><li class=\"font_8 wixui-rich-text__text\"><span class=\"wixui-rich-text__text\"><a class=\"wixui-rich-text__text\" href=\"https:\/\/vinnyd7.wixsite.com\/vincentdavid\/films\" target=\"_blank\" rel=\"noreferrer noopener\">Gardien\u00a0&#8211; Vincent David<\/a>\u00a0&#8211; Jean Patrick \u00ab\u00a0ange prolo\u00a0\u00bb (2014)<\/span><\/li><li class=\"font_8 wixui-rich-text__text\"><span class=\"wixui-rich-text__text\"><a class=\"wixui-rich-text__text\" href=\"https:\/\/www.dailymotion.com\/video\/x2t2yfx\" target=\"_blank\" rel=\"noreferrer noopener\">Docteur. Joy<\/a>\u00a0\u00a0&#8211; \u00a0<a class=\"wixui-rich-text__text\" href=\"https:\/\/www.facebook.com\/alexandre.laudrin.5\" target=\"_blank\" rel=\"noreferrer noopener\">Alexandre Laudrin<\/a> &#8211; Eric \u00ab\u00a0Homosexuel refoul\u00e9 (2014)<\/span><\/li><\/ul>\t\t\t\t\t\t\t\t<\/div>\n\t\t\t\t<\/div>\n\t\t\t\t<\/div>\n\t\t<div class=\"elementor-element elementor-element-b12f656 e-con-full e-flex e-con e-parent\" data-id=\"b12f656\" data-element_type=\"container\" data-e-type=\"container\">\n\t\t\t\t<div class=\"elementor-element elementor-element-703d786 elementor-widget elementor-widget-avas-animated-heading\" data-id=\"703d786\" data-element_type=\"widget\" data-e-type=\"widget\" data-widget_type=\"avas-animated-heading.default\">\n\t\t\t\t<div class=\"elementor-widget-container\">\n\t\t\t\t\t\n    <div class=\"tx-animated-heading-wrap\" data-settings=\"{&quot;styles&quot;:&quot;typed&quot;,&quot;strings&quot;:[&quot;IMPROVISATIONS&quot;],&quot;typeSpeed&quot;:70,&quot;startDelay&quot;:500,&quot;backSpeed&quot;:40,&quot;backDelay&quot;:20000,&quot;loop&quot;:true,&quot;loopCount&quot;:&quot;infinity&quot;}\" >\n\n        \n            <h4 class=\"tx-animated-heading\">\n                <span class=\"tx-animated-heading-before-text\"><\/span>\n                                <span id=\"tx-ah-703d786\" class=\"tx-animated-txt\"><\/span>\n                                <span class=\"tx-animated-heading-after-text\"><\/span>\n            <\/h4>\n\n        \n    <\/div>\n\n\n\n\t\t\t\t<\/div>\n\t\t\t\t<\/div>\n\t\t\t\t<div class=\"elementor-element elementor-element-b88906f elementor-widget elementor-widget-text-editor\" data-id=\"b88906f\" data-element_type=\"widget\" data-e-type=\"widget\" data-widget_type=\"text-editor.default\">\n\t\t\t\t<div class=\"elementor-widget-container\">\n\t\t\t\t\t\t\t\t\t<ul><li><span class=\"wixui-rich-text__text\">La Troupanou &#8211;<\/span><span class=\"wixui-rich-text__text\"><span class=\"inherit-font-size wixui-rich-text__text\">\u00a0<\/span><\/span><span class=\"wixui-rich-text__text\">Cabarets, Matchs d&rsquo;improvisations (2023\/2024)\u00a0<\/span><\/li><li><span class=\"wixui-rich-text__text\">Les Modulables &#8211;\u00a0cabarets, Matchs d&rsquo;improvisations, improvisations bruitages, chant, imitations<\/span><span class=\"wixui-rich-text__text\">\u00a0<\/span><span class=\"inherit-font-size wixui-rich-text__text\">\u00a0<\/span><\/li><li><span class=\"wixui-rich-text__text\">Le Cidre Impro\u00a0&#8211; Cabarets, Matchs d&rsquo;improvisations (2022\/2023)<\/span><\/li><li><span class=\"wixui-rich-text__text\">Impro D\u00e9lire\u00a0&#8211; Msc Jean Luc Alliot (2010\/2014)<\/span><\/li><\/ul>\t\t\t\t\t\t\t\t<\/div>\n\t\t\t\t<\/div>\n\t\t\t\t<\/div>\n\t\t<div class=\"elementor-element elementor-element-b1e8e83 e-con-full e-flex e-con e-parent\" data-id=\"b1e8e83\" data-element_type=\"container\" data-e-type=\"container\">\n\t\t\t\t<div class=\"elementor-element elementor-element-2ba1411 elementor-widget elementor-widget-avas-animated-heading\" data-id=\"2ba1411\" data-element_type=\"widget\" data-e-type=\"widget\" data-widget_type=\"avas-animated-heading.default\">\n\t\t\t\t<div class=\"elementor-widget-container\">\n\t\t\t\t\t\n    <div class=\"tx-animated-heading-wrap\" data-settings=\"{&quot;styles&quot;:&quot;typed&quot;,&quot;strings&quot;:[&quot;COACH COMEDIEN&quot;],&quot;typeSpeed&quot;:70,&quot;startDelay&quot;:500,&quot;backSpeed&quot;:40,&quot;backDelay&quot;:20000,&quot;loop&quot;:true,&quot;loopCount&quot;:&quot;infinity&quot;}\" >\n\n        \n            <h4 class=\"tx-animated-heading\">\n                <span class=\"tx-animated-heading-before-text\"><\/span>\n                                <span id=\"tx-ah-2ba1411\" class=\"tx-animated-txt\"><\/span>\n                                <span class=\"tx-animated-heading-after-text\"><\/span>\n            <\/h4>\n\n        \n    <\/div>\n\n\n\n\t\t\t\t<\/div>\n\t\t\t\t<\/div>\n\t\t\t\t<div class=\"elementor-element elementor-element-3d748d4 elementor-widget elementor-widget-text-editor\" data-id=\"3d748d4\" data-element_type=\"widget\" data-e-type=\"widget\" data-widget_type=\"text-editor.default\">\n\t\t\t\t<div class=\"elementor-widget-container\">\n\t\t\t\t\t\t\t\t\t<ul><li><span class=\"wixui-rich-text__text\"><a class=\"wixui-rich-text__text\" href=\"https:\/\/www.facebook.com\/associationlesautodidactes\" target=\"_blank\" rel=\"noreferrer noopener\">Les Carottes sont Cuites\u00a0&#8211; \u00ab\u00a0Th\u00e9\u00e2tre\u00a0\u00bb association Les Autodid&rsquo; Actes<\/a><\/span><span class=\"wixui-rich-text__text\">\u00a0&#8211; metteur en sc\u00e8ne Florian Joyau (2020)<\/span><\/li><li><span class=\"wixui-rich-text__text\"><a class=\"wixui-rich-text__text\" href=\"https:\/\/www.facebook.com\/associationlesautodidactes\" target=\"_blank\" rel=\"noreferrer noopener\">La terre tourne carr\u00e9\u00a0&#8211; \u00ab\u00a0Th\u00e9\u00e2tre\u00a0\u00bb association Les Autodid&rsquo; Actes<\/a><\/span><span class=\"wixui-rich-text__text\">\u00a0&#8211; metteur en sc\u00e8ne Alexis Volant (2019)<\/span><span class=\"wixui-rich-text__text\">\u00a0<\/span><\/li><li><span class=\"wixui-rich-text__text\">Maman solo\u00a0\u00ab\u00a0Web Serie\u00a0\u00bb &#8211; Real\u00a0<\/span><span class=\"wixui-rich-text__text\"><a class=\"wixui-rich-text__text\" href=\"https:\/\/www.linkedin.com\/in\/caroline-gabaut\/?originalSubdomain=fr\" target=\"_blank\" rel=\"noreferrer noopener\">Caroline Gabaut\u00a0<\/a><\/span><span class=\"wixui-rich-text__text\">(2015)<\/span><span class=\"wixui-rich-text__text\">\u00a0<\/span><\/li><li><span class=\"wixui-rich-text__text\">La \u00ab\u00a0de\u00a0\u00bbroute\u00a0\u00bbCourt M\u00e9trage\u00a0\u00bb &#8211; Real\u00a0<\/span><span class=\"wixui-rich-text__text\"><a class=\"wixui-rich-text__text\" href=\"https:\/\/twitter.com\/smayl\" target=\"_blank\" rel=\"noreferrer noopener\">Smail Moustafy<\/a><\/span><span class=\"wixui-rich-text__text\">\u00a0\u00a0<\/span><span class=\"wixui-rich-text__text\">\u00a0<\/span><\/li><li><span class=\"wixui-rich-text__text\"><a class=\"wixui-rich-text__text\" href=\"https:\/\/www.youtube.com\/watch?v=01VnL0mWbko\" target=\"_blank\" rel=\"noreferrer noopener\">Le lien du feu\u00a0\u00ab\u00a0Court M\u00e9trage\u00a0\u00bb &#8211; Real Matthieu Plessis et Jordan LE Galeze<\/a><\/span><span class=\"wixui-rich-text__text\">\u00a0(2014)<\/span><\/li><\/ul>\t\t\t\t\t\t\t\t<\/div>\n\t\t\t\t<\/div>\n\t\t\t\t<\/div>\n\t\t<div class=\"elementor-element elementor-element-9927d79 e-con-full e-flex e-con e-parent\" data-id=\"9927d79\" data-element_type=\"container\" data-e-type=\"container\">\n\t\t\t\t<div class=\"elementor-element elementor-element-0ad0bbf elementor-widget elementor-widget-avas-animated-heading\" data-id=\"0ad0bbf\" data-element_type=\"widget\" data-e-type=\"widget\" data-widget_type=\"avas-animated-heading.default\">\n\t\t\t\t<div class=\"elementor-widget-container\">\n\t\t\t\t\t\n    <div class=\"tx-animated-heading-wrap\" data-settings=\"{&quot;styles&quot;:&quot;typed&quot;,&quot;strings&quot;:[&quot;TH\\u00c9\\u00c2TRE\\u00a0CONTEMPORAIN\\u00a0&quot;],&quot;typeSpeed&quot;:70,&quot;startDelay&quot;:500,&quot;backSpeed&quot;:40,&quot;backDelay&quot;:20000,&quot;loop&quot;:true,&quot;loopCount&quot;:&quot;infinity&quot;}\" >\n\n        \n            <h4 class=\"tx-animated-heading\">\n                <span class=\"tx-animated-heading-before-text\"><\/span>\n                                <span id=\"tx-ah-0ad0bbf\" class=\"tx-animated-txt\"><\/span>\n                                <span class=\"tx-animated-heading-after-text\"><\/span>\n            <\/h4>\n\n        \n    <\/div>\n\n\n\n\t\t\t\t<\/div>\n\t\t\t\t<\/div>\n\t\t\t\t<div class=\"elementor-element elementor-element-ef11b0f elementor-widget elementor-widget-text-editor\" data-id=\"ef11b0f\" data-element_type=\"widget\" data-e-type=\"widget\" data-widget_type=\"text-editor.default\">\n\t\t\t\t<div class=\"elementor-widget-container\">\n\t\t\t\t\t\t\t\t\t<ul><li><span class=\"wixui-rich-text__text\">Les Marquis \u00ab\u00a0Libert\u00e9, \u00e9galit\u00e9, privil\u00e8ge&#8230;\u00a0\u00bb\u00a0<\/span><span class=\"wixui-rich-text__text\">&#8211; Msc\u00a0<\/span><span class=\"wixui-rich-text__text\">Aur\u00e9lien Guil<\/span><span class=\"wixui-rich-text__text\">\u00a0<\/span><span class=\"wixui-rich-text__text\">&#8211; Le M<\/span><span class=\"wixui-rich-text__text\">arquis Gonzague de Vilpensif (2025)<\/span><\/li><li><span class=\"wixui-rich-text__text\"><a class=\"wixui-rich-text__text\" href=\"http:\/\/lechatbaret.fr\/\" target=\"_blank\" rel=\"noreferrer noopener\">Qui est monsieur Schmitt ??? &#8211;\u00a0Msc Olivier martin &#8211;\u00a0 Henry Schmitt &amp; Jean Claude Belier (2021)<\/a><\/span><\/li><li><span class=\"wixui-rich-text__text\">Les Marquis \u00ab\u00a0on the road again\u00a0\u00bb\u00a0&#8211; \u00a0Msc Jennifer Binard &#8211; Gonzague de Vilpensif (2013\/2020)<\/span><\/li><li><span class=\"wixui-rich-text__text\"><a class=\"wixui-rich-text__text\" href=\"https:\/\/www.youtube.com\/watch?v=DKIflLPluKM\" target=\"_blank\" rel=\"noreferrer noopener\">La famille Adan<\/a>\u00a0&#8211; Msc Laurent Cailleton &#8211; Franck Majordome &amp; les victimes (2016\/2017)<\/span><\/li><li><span class=\"wixui-rich-text__text\">Ah !\u00a0Anabelle\u00a0&#8211;\u00a0<a class=\"wixui-rich-text__text\" href=\"https:\/\/www.facebook.com\/pauline.letop\" target=\"_blank\" rel=\"noreferrer noopener\">Msc Pauline Potel<\/a>\u00a0&#8211; Louis Beaugosse (2017)<\/span><\/li><li><span class=\"wixui-rich-text__text\"><a class=\"wixui-rich-text__text\" href=\"https:\/\/www.youtube.com\/watch?v=LOUUtJGQ-CY&amp;t=61s\" target=\"_blank\" rel=\"noreferrer noopener\">Antigone \u00a0Sophocle\u00a0&#8211; \u00a0Msc Lionel Coffinet<\/a>\u00a0&#8211; Coryph\u00e9e (2012\/2014)<\/span><\/li><li><span class=\"wixui-rich-text__text\">Electre Sophocle\u00a0&#8211; Msc Lionel Coffinet &#8211; Pr\u00e9cepteur (2014)<\/span><\/li><li><span class=\"wixui-rich-text__text\">Un Pav\u00e9 dans la marre\u00a0&#8211; Msc\u00a0<a class=\"wixui-rich-text__text\" href=\"https:\/\/www.dailymotion.com\/video\/x8zlw7\" target=\"_blank\" rel=\"noreferrer noopener\">Diana Vivarelli\u00a0<\/a>&#8211; Dina (2012)<\/span><\/li><\/ul>\t\t\t\t\t\t\t\t<\/div>\n\t\t\t\t<\/div>\n\t\t\t\t<\/div>\n\t\t<div class=\"elementor-element elementor-element-a4a1e49 e-con-full e-flex e-con e-parent\" data-id=\"a4a1e49\" data-element_type=\"container\" data-e-type=\"container\">\n\t\t\t\t<div class=\"elementor-element elementor-element-335797f elementor-widget elementor-widget-avas-animated-heading\" data-id=\"335797f\" data-element_type=\"widget\" data-e-type=\"widget\" data-widget_type=\"avas-animated-heading.default\">\n\t\t\t\t<div class=\"elementor-widget-container\">\n\t\t\t\t\t\n    <div class=\"tx-animated-heading-wrap\" data-settings=\"{&quot;styles&quot;:&quot;typed&quot;,&quot;strings&quot;:[&quot;CAF\\u00c9\\u00a0TH\\u00c9\\u00c2TRE\\u00a0&quot;],&quot;typeSpeed&quot;:70,&quot;startDelay&quot;:500,&quot;backSpeed&quot;:40,&quot;backDelay&quot;:20000,&quot;loop&quot;:true,&quot;loopCount&quot;:&quot;infinity&quot;}\" >\n\n        \n            <h4 class=\"tx-animated-heading\">\n                <span class=\"tx-animated-heading-before-text\"><\/span>\n                                <span id=\"tx-ah-335797f\" class=\"tx-animated-txt\"><\/span>\n                                <span class=\"tx-animated-heading-after-text\"><\/span>\n            <\/h4>\n\n        \n    <\/div>\n\n\n\n\t\t\t\t<\/div>\n\t\t\t\t<\/div>\n\t\t\t\t<div class=\"elementor-element elementor-element-3cb7675 elementor-widget elementor-widget-text-editor\" data-id=\"3cb7675\" data-element_type=\"widget\" data-e-type=\"widget\" data-widget_type=\"text-editor.default\">\n\t\t\t\t<div class=\"elementor-widget-container\">\n\t\t\t\t\t\t\t\t\t<ul><li class=\"font_5 wixui-rich-text__text\">Couple mode d&#8217;emploi &#8211; Msc Nathalie Hardouin &#8211; R\u00e9mi (2016)<\/li><li><span class=\"wixui-rich-text__text\">Petite soir\u00e9e sympa\u00a0&#8211; Msc Florent Long\u00e9p\u00e9 &#8211; Reprise de sketchs et cr\u00e9ation (2007\/2010)\u00a0<\/span><\/li><li><span class=\"wixui-rich-text__text\">Le P\u00e8re No\u00ebl est une ordure\u00a0\u00a0&#8211; Msc Christophe Ferrier &#8211; Katia (2010)<\/span><\/li><\/ul>\t\t\t\t\t\t\t\t<\/div>\n\t\t\t\t<\/div>\n\t\t\t\t<\/div>\n\t\t<div class=\"elementor-element elementor-element-6390593 e-con-full e-flex e-con e-parent\" data-id=\"6390593\" data-element_type=\"container\" data-e-type=\"container\">\n\t\t\t\t<div class=\"elementor-element elementor-element-9a7683d elementor-widget elementor-widget-avas-animated-heading\" data-id=\"9a7683d\" data-element_type=\"widget\" data-e-type=\"widget\" data-widget_type=\"avas-animated-heading.default\">\n\t\t\t\t<div class=\"elementor-widget-container\">\n\t\t\t\t\t\n    <div class=\"tx-animated-heading-wrap\" data-settings=\"{&quot;styles&quot;:&quot;typed&quot;,&quot;strings&quot;:[&quot;SPECTACLES MUSICAUX&quot;],&quot;typeSpeed&quot;:70,&quot;startDelay&quot;:500,&quot;backSpeed&quot;:40,&quot;backDelay&quot;:20000,&quot;loop&quot;:true,&quot;loopCount&quot;:&quot;infinity&quot;}\" >\n\n        \n            <h4 class=\"tx-animated-heading\">\n                <span class=\"tx-animated-heading-before-text\"><\/span>\n                                <span id=\"tx-ah-9a7683d\" class=\"tx-animated-txt\"><\/span>\n                                <span class=\"tx-animated-heading-after-text\"><\/span>\n            <\/h4>\n\n        \n    <\/div>\n\n\n\n\t\t\t\t<\/div>\n\t\t\t\t<\/div>\n\t\t\t\t<div class=\"elementor-element elementor-element-850eccf elementor-widget elementor-widget-text-editor\" data-id=\"850eccf\" data-element_type=\"widget\" data-e-type=\"widget\" data-widget_type=\"text-editor.default\">\n\t\t\t\t<div class=\"elementor-widget-container\">\n\t\t\t\t\t\t\t\t\t<ul><li><span class=\"wixui-rich-text__text\">Tous en sc\u00e8ne \u00ab\u00a0Vive les vacances\u00a0\u00bb\u00a0&#8211; Msc Citrus Production &#8211; sketchs &amp; chant (2022)<\/span><\/li><li><span class=\"wixui-rich-text__text\">Le Comte de Mont\u00e9 Cristo &#8211;\u00a0Msc\u00a0<a class=\"wixui-rich-text__text\" href=\"https:\/\/www.facebook.com\/olivier.martin.5070\" target=\"_blank\" rel=\"noreferrer noopener\">Olivier Martin\u00a0<\/a>&#8211; Vilfort (2020\/2021)<\/span><\/li><li><span class=\"wixui-rich-text__text\">Cin\u00e9massacre\u00a0&#8211; Boris Vian &#8211; Multiples r\u00f4les \u00e0 sketchs &amp; chant (2017\/2018)<\/span><\/li><li><span class=\"wixui-rich-text__text\">La revue de la Cloche\u00a0&#8211; \u00a0Msc Paul Prumeau &#8211; Multiples R\u00f4les \u00ab\u00a0sketchs\u00a0\u00bb &#8211; Chant (2012)<\/span><\/li><li><span class=\"wixui-rich-text__text\">Nos D\u00e9samours\u00a0&#8211; Msc Danielle Mainville 2009<\/span><\/li><\/ul>\t\t\t\t\t\t\t\t<\/div>\n\t\t\t\t<\/div>\n\t\t\t\t<\/div>\n\t\t<div class=\"elementor-element elementor-element-b34c1b0 e-con-full e-flex e-con e-parent\" data-id=\"b34c1b0\" data-element_type=\"container\" data-e-type=\"container\">\n\t\t\t\t<div class=\"elementor-element elementor-element-a729943 elementor-widget elementor-widget-avas-animated-heading\" data-id=\"a729943\" data-element_type=\"widget\" data-e-type=\"widget\" data-widget_type=\"avas-animated-heading.default\">\n\t\t\t\t<div class=\"elementor-widget-container\">\n\t\t\t\t\t\n    <div class=\"tx-animated-heading-wrap\" data-settings=\"{&quot;styles&quot;:&quot;typed&quot;,&quot;strings&quot;:[&quot;ECOLES ET FORMATIONS&quot;],&quot;typeSpeed&quot;:70,&quot;startDelay&quot;:500,&quot;backSpeed&quot;:40,&quot;backDelay&quot;:20000,&quot;loop&quot;:true,&quot;loopCount&quot;:&quot;infinity&quot;}\" >\n\n        \n            <h4 class=\"tx-animated-heading\">\n                <span class=\"tx-animated-heading-before-text\"><\/span>\n                                <span id=\"tx-ah-a729943\" class=\"tx-animated-txt\"><\/span>\n                                <span class=\"tx-animated-heading-after-text\"><\/span>\n            <\/h4>\n\n        \n    <\/div>\n\n\n\n\t\t\t\t<\/div>\n\t\t\t\t<\/div>\n\t\t\t\t<div class=\"elementor-element elementor-element-1c62881 elementor-widget elementor-widget-text-editor\" data-id=\"1c62881\" data-element_type=\"widget\" data-e-type=\"widget\" data-widget_type=\"text-editor.default\">\n\t\t\t\t<div class=\"elementor-widget-container\">\n\t\t\t\t\t\t\t\t\t<ul><li><a class=\"wixui-rich-text__text\" href=\"https:\/\/www.lesmaladroits.com\/\" target=\"_blank\" rel=\"noreferrer noopener\">STAGE &#8211; Th\u00e9\u00e2tre objet &#8211; la CIE les maladroits (2022)<\/a><br class=\"wixui-rich-text__text\" \/>Travail sur l&rsquo;objet dans diff\u00e9rentes utilisations, d\u00e9tournement, utilisation dans l&rsquo;espace et plus\u00a0<\/li><li><a class=\"wixui-rich-text__text\" href=\"https:\/\/cielesvagabonds.com\/\" target=\"_blank\" rel=\"noreferrer noopener\">FORMATION &#8211; Doublage &#8211; la CIE les Vagabonds (2022)<br class=\"wixui-rich-text__text\" \/><\/a>Intervenant &#8211; Marc Lesser \/ Barabara Berretta \/ Damien boisseau \/ Vincent Violette \/ Aurore Bonjour<\/li><li><a class=\"wixui-rich-text__text\" href=\"https:\/\/www.youtube.com\/watch?v=OrmqociA3Zg\" target=\"_blank\" rel=\"noreferrer noopener\">FORMATION &#8211; Coaching-vocal &#8211; Queen Clairie (2020)<\/a><br class=\"wixui-rich-text__text\" \/>Formation Chant<\/li><li><a class=\"wixui-rich-text__text\" href=\"http:\/\/www.belviaggio.fr\/\" target=\"_blank\" rel=\"noreferrer noopener\">STAGE &#8211; La Compagnie Belvaggio<\/a><br class=\"wixui-rich-text__text\" \/>Msc\u00a0<a class=\"wixui-rich-text__text\" href=\"https:\/\/www.facebook.com\/chantal.david.988\" target=\"_blank\" rel=\"noreferrer noopener\">Chantal David<\/a>\u00a0(2016\/2017)<br class=\"wixui-rich-text__text\" \/>Commedia del art &#8211; travail avec les masques \u00a0&#8211; improvisation libre &#8211; constructions de canevas<\/li><li>FORMATION &#8211; La Compagnie &#8211; Nomade th\u00e9\u00e2tre populaire<br class=\"wixui-rich-text__text\" \/>\u00a0Msc\u00a0<a class=\"wixui-rich-text__text\" href=\"https:\/\/www.nomadetheatrepopulaire.fr\/lionel-coffinet-metteur-en-scene-de-la-cie-nomade-theatre-populaire\" target=\"_blank\" rel=\"noreferrer noopener\">Lionel Coffinet<\/a>\u00a0(2012\/2015)<\/li><li>FORMATION Th\u00e9\u00e2tre, danse, yoga\u00a0<br class=\"wixui-rich-text__text\" \/>Th\u00e9\u00e2tre : travail du texte via la technique des courtes &amp; des longues. Travail sur la diction<br class=\"wixui-rich-text__text\" \/>Danse : travail corporel sur la d\u00e9composition des gestes, des ruptures, regards fig\u00e9s dans l&rsquo;espace avec ou sans \u00e9changes de dialogues avec partenaires \u00a0<br class=\"wixui-rich-text__text\" \/>Yoga : technique sur la respiration nasale en rapport avec le corps. m\u00e9ditation pour canaliser les \u00e9nergies et mieux aborder le travail texte<br class=\"wixui-rich-text__text\" \/>Improvisation muette avec technique respiration pour construire une situation sur sc\u00e8ne<\/li><\/ul>\t\t\t\t\t\t\t\t<\/div>\n\t\t\t\t<\/div>\n\t\t\t\t<\/div>\n\t\t<div class=\"elementor-element elementor-element-2838b9b e-con-full e-flex e-con e-parent\" data-id=\"2838b9b\" data-element_type=\"container\" data-e-type=\"container\">\n\t\t\t\t<div class=\"elementor-element elementor-element-8446325 elementor-widget elementor-widget-avas-animated-heading\" data-id=\"8446325\" data-element_type=\"widget\" data-e-type=\"widget\" data-widget_type=\"avas-animated-heading.default\">\n\t\t\t\t<div class=\"elementor-widget-container\">\n\t\t\t\t\t\n    <div class=\"tx-animated-heading-wrap\" data-settings=\"{&quot;styles&quot;:&quot;typed&quot;,&quot;strings&quot;:[&quot;STAGES ET ACTING&quot;],&quot;typeSpeed&quot;:70,&quot;startDelay&quot;:500,&quot;backSpeed&quot;:40,&quot;backDelay&quot;:20000,&quot;loop&quot;:true,&quot;loopCount&quot;:&quot;infinity&quot;}\" >\n\n        \n            <h4 class=\"tx-animated-heading\">\n                <span class=\"tx-animated-heading-before-text\"><\/span>\n                                <span id=\"tx-ah-8446325\" class=\"tx-animated-txt\"><\/span>\n                                <span class=\"tx-animated-heading-after-text\"><\/span>\n            <\/h4>\n\n        \n    <\/div>\n\n\n\n\t\t\t\t<\/div>\n\t\t\t\t<\/div>\n\t\t\t\t<div class=\"elementor-element elementor-element-53dec3f elementor-widget elementor-widget-text-editor\" data-id=\"53dec3f\" data-element_type=\"widget\" data-e-type=\"widget\" data-widget_type=\"text-editor.default\">\n\t\t\t\t<div class=\"elementor-widget-container\">\n\t\t\t\t\t\t\t\t\t<ul><li>Coaching d&rsquo;acteur<br class=\"wixui-rich-text__text\" \/>Cold Reading &#8211;\u00a0<a class=\"wixui-rich-text__text\" href=\"https:\/\/lamanufacturedelacteur.com\/notre-equipe\/clemence-carayol-prof-dinterpretation\/\" target=\"_blank\" rel=\"noreferrer noopener\">Cl\u00e9mence Carayol<\/a>\u00a0(2014)<br class=\"wixui-rich-text__text\" \/>Pr\u00e9paration aux castings cin\u00e9, TV, pub et th\u00e9\u00e2tre<\/li><li><a class=\"wixui-rich-text__text\" href=\"http:\/\/www.courscitron.fr\/\" target=\"_blank\" rel=\"noreferrer noopener\">STAGE &#8211; COURT CITRON<\/a><br class=\"wixui-rich-text__text\" \/>Msc\u00a0<a class=\"wixui-rich-text__text\" href=\"http:\/\/www.yannterrien.com\/\" target=\"_blank\" rel=\"noreferrer noopener\">Yann Terrien<\/a>\u00a0(2014)<br class=\"wixui-rich-text__text\" \/>Clown &amp; Improvisation<br class=\"wixui-rich-text__text\" \/>Travail de d\u00e9ambulation dans l&rsquo;espace avec jeux improvis\u00e9s muets<br class=\"wixui-rich-text__text\" \/>Improvisation libre via multiples exercices\u00a0<\/li><li><a class=\"wixui-rich-text__text\" href=\"http:\/\/www.lafabrique.nantes.fr\/Mode-d-emploi\/Les-associations-qui-y-habitent\/Spoutnik-Theatre-Production\" target=\"_blank\" rel=\"noreferrer noopener\">STAGE &#8211; SPOUTNIK PRODUCTION<\/a><br class=\"wixui-rich-text__text\" \/>Msc\u00a0<a class=\"wixui-rich-text__text\" href=\"https:\/\/www.facebook.com\/philippe.lelouarn.9\" target=\"_blank\" rel=\"noreferrer noopener\">Philippe le Louarn<\/a>\u00a0(2012)<br class=\"wixui-rich-text__text\" \/>Mime &#8211;\u00a0 Le corps et l\u2019espace &#8211; travail BUTOH<br class=\"wixui-rich-text__text\" \/>Travail corporel improvis\u00e9 dans un espace r\u00e9duit, construction et cr\u00e9ation de situation \u00a0<br class=\"wixui-rich-text__text\" \/>Buto : Improvisation libre bas\u00e9e sur un travail de la lenteur\u00a0<\/li><li>FORMATION &#8211; La LINA &amp; HEIDI A BIEN GRANDI<br class=\"wixui-rich-text__text\" \/>Msc\u00a0<a class=\"wixui-rich-text__text\" href=\"https:\/\/lalina.fr\/\" target=\"_blank\" rel=\"noreferrer noopener\">Fr\u00e9d\u00e9ric Bertrand<\/a>\u00a0\/\u00a0<a class=\"wixui-rich-text__text\" href=\"https:\/\/heidiabiengrandi.fr\/compagnie\/\" target=\"_blank\" rel=\"noreferrer noopener\">Benoit G\u00e9rard\u00a0<\/a>(2011\/2012)<br class=\"wixui-rich-text__text\" \/>Improvisation, Le \u00ab\u00a0c\u0153ur\u00a0\u00bb formation sur d\u00e9placement en groupe dans un espace ferm\u00e9. Uni au d\u00e9part ou \u00e9clat\u00e9 par la suite. Donnant vie \u00e0 des situations sur le leadership \u00ab\u00a0domin\u00e9\/dominant\u00a0\u00bb\u00a0<br class=\"wixui-rich-text__text\" \/>Travail sur l&rsquo;\u00e9tat corps animal : transformation du com\u00e9dien dans un \u00e9tat qu&rsquo;il choisit au comportement animal, s&rsquo;ensuit une improvisation libre sur sc\u00e8ne.<\/li><\/ul>\t\t\t\t\t\t\t\t<\/div>\n\t\t\t\t<\/div>\n\t\t\t\t<div class=\"elementor-element elementor-element-3faeb5e elementor-widget elementor-widget-avas-button\" data-id=\"3faeb5e\" data-element_type=\"widget\" data-e-type=\"widget\" data-widget_type=\"avas-button.default\">\n\t\t\t\t<div class=\"elementor-widget-container\">\n\t\t\t\t\t\n        <div class=\"tx-btn-wrap style-1\">\n            \n           <a data-hover=\"\" href=\"https:\/\/emmanuel-buffet.fr?download=1192\" class=\"tx-btn-link\" target=\"_self\" >\n\n            \n            T\u00e9l\u00e9charger le PDF\n                        <span class=\"tx-btn-icon tx-btn-align-right\">\n                <svg aria-hidden=\"true\" class=\"e-font-icon-svg e-fas-cloud-download-alt\" viewBox=\"0 0 640 512\" xmlns=\"http:\/\/www.w3.org\/2000\/svg\"><path d=\"M537.6 226.6c4.1-10.7 6.4-22.4 6.4-34.6 0-53-43-96-96-96-19.7 0-38.1 6-53.3 16.2C367 64.2 315.3 32 256 32c-88.4 0-160 71.6-160 160 0 2.7.1 5.4.2 8.1C40.2 219.8 0 273.2 0 336c0 79.5 64.5 144 144 144h368c70.7 0 128-57.3 128-128 0-61.9-44-113.6-102.4-125.4zm-132.9 88.7L299.3 420.7c-6.2 6.2-16.4 6.2-22.6 0L171.3 315.3c-10.1-10.1-2.9-27.3 11.3-27.3H248V176c0-8.8 7.2-16 16-16h48c8.8 0 16 7.2 16 16v112h65.4c14.2 0 21.4 17.2 11.3 27.3z\"><\/path><\/svg>            <\/span>\n            \n                            <span class=\"line-1\"><\/span>\n                <span class=\"line-2\"><\/span>\n                <span class=\"line-3\"><\/span>\n                <span class=\"line-4\"><\/span>\n            \n           <\/a>\n          \n        <\/div><!-- tx-btn-wrap -->\n        \n        \n\t\t\t\t<\/div>\n\t\t\t\t<\/div>\n\t\t\t\t<\/div>\n\t\t\t\t<section class=\"elementor-section elementor-inner-section elementor-element elementor-element-346bc66 elementor-section-boxed elementor-section-height-default elementor-section-height-default\" data-id=\"346bc66\" data-element_type=\"section\" data-e-type=\"section\">\n\t\t\t\t\t\t<div class=\"elementor-container elementor-column-gap-no\">\n\t\t\t\t\t<div class=\"elementor-column elementor-col-50 elementor-inner-column elementor-element elementor-element-70f2cf4\" data-id=\"70f2cf4\" data-element_type=\"column\" data-e-type=\"column\">\n\t\t\t<div class=\"elementor-widget-wrap elementor-element-populated\">\n\t\t\t\t\t\t<div class=\"elementor-element elementor-element-3c8fd28 elementor-invisible elementor-widget elementor-widget-avas-icon-box\" data-id=\"3c8fd28\" data-element_type=\"widget\" data-e-type=\"widget\" data-settings=\"{&quot;_animation&quot;:&quot;fadeIn&quot;,&quot;_animation_delay&quot;:200}\" data-widget_type=\"avas-icon-box.default\">\n\t\t\t\t<div class=\"elementor-widget-container\">\n\t\t\t\t\t\t\n\t\t<div class=\"tx-icon-box-wrap style-1 center\">\n\n\t\t\t<div class=\"tx-icon-box-icon\">\n\t\t\t\t<svg aria-hidden=\"true\" class=\"e-font-icon-svg e-far-envelope\" viewBox=\"0 0 512 512\" xmlns=\"http:\/\/www.w3.org\/2000\/svg\"><path d=\"M464 64H48C21.49 64 0 85.49 0 112v288c0 26.51 21.49 48 48 48h416c26.51 0 48-21.49 48-48V112c0-26.51-21.49-48-48-48zm0 48v40.805c-22.422 18.259-58.168 46.651-134.587 106.49-16.841 13.247-50.201 45.072-73.413 44.701-23.208.375-56.579-31.459-73.413-44.701C106.18 199.465 70.425 171.067 48 152.805V112h416zM48 400V214.398c22.914 18.251 55.409 43.862 104.938 82.646 21.857 17.205 60.134 55.186 103.062 54.955 42.717.231 80.509-37.199 103.053-54.947 49.528-38.783 82.032-64.401 104.947-82.653V400H48z\"><\/path><\/svg>\n\t\t\t\t\n\t\t\t<\/div><!-- tx-icon-box-icon -->\n\n\t\t\t<div class=\"tx-icon-box-content-wrap\">\n\n\t\t\t\t\t\t\t\t\t\t\t\t<h4 class=\"tx-icon-box-title\">\n\t\t\t\tMon e.mail\t\t\t\t<\/h4>\n\t\t\t\t\t\t\t\t\n\t\t\t\t<div class=\"tx-icon-box-desc\"><p>contact.emmanuelbuffet@gmail.com<\/p><\/div>\n\t\t\t\t\t\t\t<\/div><!-- tx-icon-box-content-wrap -->\n\n\t\t<\/div><!-- tx-icon-box-wrap -->\n\n\t\t\t\t<\/div>\n\t\t\t\t<\/div>\n\t\t\t\t\t<\/div>\n\t\t<\/div>\n\t\t\t\t<div class=\"elementor-column elementor-col-50 elementor-inner-column elementor-element elementor-element-02b1a41\" data-id=\"02b1a41\" data-element_type=\"column\" data-e-type=\"column\">\n\t\t\t<div class=\"elementor-widget-wrap elementor-element-populated\">\n\t\t\t\t\t\t<div class=\"elementor-element elementor-element-a8bb4f3 elementor-invisible elementor-widget elementor-widget-avas-icon-box\" data-id=\"a8bb4f3\" data-element_type=\"widget\" data-e-type=\"widget\" data-settings=\"{&quot;_animation&quot;:&quot;fadeIn&quot;,&quot;_animation_delay&quot;:200}\" data-widget_type=\"avas-icon-box.default\">\n\t\t\t\t<div class=\"elementor-widget-container\">\n\t\t\t\t\t\t\n\t\t<div class=\"tx-icon-box-wrap style-1 center\">\n\n\t\t\t<div class=\"tx-icon-box-icon\">\n\t\t\t\t<svg aria-hidden=\"true\" class=\"e-font-icon-svg e-fas-phone-alt\" viewBox=\"0 0 512 512\" xmlns=\"http:\/\/www.w3.org\/2000\/svg\"><path d=\"M497.39 361.8l-112-48a24 24 0 0 0-28 6.9l-49.6 60.6A370.66 370.66 0 0 1 130.6 204.11l60.6-49.6a23.94 23.94 0 0 0 6.9-28l-48-112A24.16 24.16 0 0 0 122.6.61l-104 24A24 24 0 0 0 0 48c0 256.5 207.9 464 464 464a24 24 0 0 0 23.4-18.6l24-104a24.29 24.29 0 0 0-14.01-27.6z\"><\/path><\/svg>\n\t\t\t\t\n\t\t\t<\/div><!-- tx-icon-box-icon -->\n\n\t\t\t<div class=\"tx-icon-box-content-wrap\">\n\n\t\t\t\t\t\t\t\t\t\t\t\t<h4 class=\"tx-icon-box-title\">\n\t\t\t\tMon num\u00e9ro de t\u00e9l.\t\t\t\t<\/h4>\n\t\t\t\t\t\t\t\t\n\t\t\t\t<div class=\"tx-icon-box-desc\"><p class=\"p1\"><span class=\"s1\">06 62 29 46 18<\/span><\/p><\/div>\n\t\t\t\t\t\t\t<\/div><!-- tx-icon-box-content-wrap -->\n\n\t\t<\/div><!-- tx-icon-box-wrap -->\n\n\t\t\t\t<\/div>\n\t\t\t\t<\/div>\n\t\t\t\t\t<\/div>\n\t\t<\/div>\n\t\t\t\t\t<\/div>\n\t\t<\/section>\n\t\t\t\t<\/div>\n\t\t","protected":false},"excerpt":{"rendered":"<p class=\"tx-excerpt\">Bis repetita\u00a0&#8211; Emilie Noblet &#8211; R\u00f4le &#8211; Chauffeur du minibus (2023) Et maintenant\u00a0&#8211; Lucien Jean Baptiste &#8211; R\u00f4le &#8211; Chauffeur de taxi (2023) Mademoiselle Holmes\u00a0&#8211; Fr\u00e9d\u00e9ric Berthe et Fran\u00e7ois Ryckelynck &#8211; Policier civil (2023) Emily...<\/p>","protected":false},"author":1,"featured_media":0,"parent":0,"menu_order":0,"comment_status":"closed","ping_status":"closed","template":"templates\/blank.php","meta":{"footnotes":""},"class_list":["post-2","page","type-page","status-publish","hentry"],"yoast_head":"<!-- This site is optimized with the Yoast SEO plugin v27.5 - https:\/\/yoast.com\/product\/yoast-seo-wordpress\/ -->\n<title>C.V. - Emmanuel Buffet<\/title>\n<meta name=\"robots\" content=\"index, follow, max-snippet:-1, max-image-preview:large, max-video-preview:-1\" \/>\n<link rel=\"canonical\" href=\"https:\/\/emmanuel-buffet.fr\/?page_id=2\" \/>\n<meta property=\"og:locale\" content=\"fr_FR\" \/>\n<meta property=\"og:type\" content=\"article\" \/>\n<meta property=\"og:title\" content=\"C.V. - Emmanuel Buffet\" \/>\n<meta property=\"og:description\" content=\"Bis repetita\u00a0&#8211; Emilie Noblet &#8211; R\u00f4le &#8211; Chauffeur du minibus (2023) Et maintenant\u00a0&#8211; Lucien Jean Baptiste &#8211; R\u00f4le &#8211; Chauffeur de taxi (2023) Mademoiselle Holmes\u00a0&#8211; Fr\u00e9d\u00e9ric Berthe et Fran\u00e7ois Ryckelynck &#8211; Policier civil (2023) Emily in Paris\u00a0&#8211; Darren Star &#8211; Un passant (2022) Sauver Lisa\u00a0&#8211; Yann Samuell &#8211; R\u00f4le &#8211; Policier sur le quai (2020) [&hellip;]\" \/>\n<meta property=\"og:url\" content=\"https:\/\/emmanuel-buffet.fr\/?page_id=2\" \/>\n<meta property=\"og:site_name\" content=\"Emmanuel Buffet\" \/>\n<meta property=\"article:modified_time\" content=\"2025-05-20T13:55:04+00:00\" \/>\n<meta property=\"og:image\" content=\"https:\/\/emmanuel-buffet.fr\/wp-content\/uploads\/2025\/05\/emmanuel-buffet-comedien-nantes-acteur-voix-off-009.jpg\" \/>\n\t<meta property=\"og:image:width\" content=\"800\" \/>\n\t<meta property=\"og:image:height\" content=\"1000\" \/>\n\t<meta property=\"og:image:type\" content=\"image\/jpeg\" \/>\n<meta name=\"twitter:card\" content=\"summary_large_image\" \/>\n<meta name=\"twitter:label1\" content=\"Dur\u00e9e de lecture estim\u00e9e\" \/>\n\t<meta name=\"twitter:data1\" content=\"6 minutes\" \/>\n<script type=\"application\/ld+json\" class=\"yoast-schema-graph\">{\"@context\":\"https:\\\/\\\/schema.org\",\"@graph\":[{\"@type\":\"WebPage\",\"@id\":\"https:\\\/\\\/emmanuel-buffet.fr\\\/?page_id=2\",\"url\":\"https:\\\/\\\/emmanuel-buffet.fr\\\/?page_id=2\",\"name\":\"C.V. - Emmanuel Buffet\",\"isPartOf\":{\"@id\":\"https:\\\/\\\/emmanuel-buffet.fr\\\/#website\"},\"primaryImageOfPage\":{\"@id\":\"https:\\\/\\\/emmanuel-buffet.fr\\\/?page_id=2#primaryimage\"},\"image\":{\"@id\":\"https:\\\/\\\/emmanuel-buffet.fr\\\/?page_id=2#primaryimage\"},\"thumbnailUrl\":\"https:\\\/\\\/emmanuel-buffet.fr\\\/wp-content\\\/uploads\\\/2025\\\/05\\\/emmanuel-buffet-comedien-nantes-acteur-voix-off-009-240x300.jpg\",\"datePublished\":\"2025-04-02T15:54:26+00:00\",\"dateModified\":\"2025-05-20T13:55:04+00:00\",\"breadcrumb\":{\"@id\":\"https:\\\/\\\/emmanuel-buffet.fr\\\/?page_id=2#breadcrumb\"},\"inLanguage\":\"fr-FR\",\"potentialAction\":[{\"@type\":\"ReadAction\",\"target\":[\"https:\\\/\\\/emmanuel-buffet.fr\\\/?page_id=2\"]}]},{\"@type\":\"ImageObject\",\"inLanguage\":\"fr-FR\",\"@id\":\"https:\\\/\\\/emmanuel-buffet.fr\\\/?page_id=2#primaryimage\",\"url\":\"https:\\\/\\\/emmanuel-buffet.fr\\\/wp-content\\\/uploads\\\/2025\\\/05\\\/emmanuel-buffet-comedien-nantes-acteur-voix-off-009.jpg\",\"contentUrl\":\"https:\\\/\\\/emmanuel-buffet.fr\\\/wp-content\\\/uploads\\\/2025\\\/05\\\/emmanuel-buffet-comedien-nantes-acteur-voix-off-009.jpg\",\"width\":800,\"height\":1000},{\"@type\":\"BreadcrumbList\",\"@id\":\"https:\\\/\\\/emmanuel-buffet.fr\\\/?page_id=2#breadcrumb\",\"itemListElement\":[{\"@type\":\"ListItem\",\"position\":1,\"name\":\"Accueil\",\"item\":\"https:\\\/\\\/emmanuel-buffet.fr\\\/\"},{\"@type\":\"ListItem\",\"position\":2,\"name\":\"C.V.\"}]},{\"@type\":\"WebSite\",\"@id\":\"https:\\\/\\\/emmanuel-buffet.fr\\\/#website\",\"url\":\"https:\\\/\\\/emmanuel-buffet.fr\\\/\",\"name\":\"Emmanuel Buffet com\u00e9dien et voix off Nantes\",\"description\":\"Emmanuel Buffet com\u00e9dien voix-OFF Nantes\",\"potentialAction\":[{\"@type\":\"SearchAction\",\"target\":{\"@type\":\"EntryPoint\",\"urlTemplate\":\"https:\\\/\\\/emmanuel-buffet.fr\\\/?s={search_term_string}\"},\"query-input\":{\"@type\":\"PropertyValueSpecification\",\"valueRequired\":true,\"valueName\":\"search_term_string\"}}],\"inLanguage\":\"fr-FR\"}]}<\/script>\n<!-- \/ Yoast SEO plugin. -->","yoast_head_json":{"title":"C.V. - Emmanuel Buffet","robots":{"index":"index","follow":"follow","max-snippet":"max-snippet:-1","max-image-preview":"max-image-preview:large","max-video-preview":"max-video-preview:-1"},"canonical":"https:\/\/emmanuel-buffet.fr\/?page_id=2","og_locale":"fr_FR","og_type":"article","og_title":"C.V. - Emmanuel Buffet","og_description":"Bis repetita\u00a0&#8211; Emilie Noblet &#8211; R\u00f4le &#8211; Chauffeur du minibus (2023) Et maintenant\u00a0&#8211; Lucien Jean Baptiste &#8211; R\u00f4le &#8211; Chauffeur de taxi (2023) Mademoiselle Holmes\u00a0&#8211; Fr\u00e9d\u00e9ric Berthe et Fran\u00e7ois Ryckelynck &#8211; Policier civil (2023) Emily in Paris\u00a0&#8211; Darren Star &#8211; Un passant (2022) Sauver Lisa\u00a0&#8211; Yann Samuell &#8211; R\u00f4le &#8211; Policier sur le quai (2020) [&hellip;]","og_url":"https:\/\/emmanuel-buffet.fr\/?page_id=2","og_site_name":"Emmanuel Buffet","article_modified_time":"2025-05-20T13:55:04+00:00","og_image":[{"width":800,"height":1000,"url":"https:\/\/emmanuel-buffet.fr\/wp-content\/uploads\/2025\/05\/emmanuel-buffet-comedien-nantes-acteur-voix-off-009.jpg","type":"image\/jpeg"}],"twitter_card":"summary_large_image","twitter_misc":{"Dur\u00e9e de lecture estim\u00e9e":"6 minutes"},"schema":{"@context":"https:\/\/schema.org","@graph":[{"@type":"WebPage","@id":"https:\/\/emmanuel-buffet.fr\/?page_id=2","url":"https:\/\/emmanuel-buffet.fr\/?page_id=2","name":"C.V. - Emmanuel Buffet","isPartOf":{"@id":"https:\/\/emmanuel-buffet.fr\/#website"},"primaryImageOfPage":{"@id":"https:\/\/emmanuel-buffet.fr\/?page_id=2#primaryimage"},"image":{"@id":"https:\/\/emmanuel-buffet.fr\/?page_id=2#primaryimage"},"thumbnailUrl":"https:\/\/emmanuel-buffet.fr\/wp-content\/uploads\/2025\/05\/emmanuel-buffet-comedien-nantes-acteur-voix-off-009-240x300.jpg","datePublished":"2025-04-02T15:54:26+00:00","dateModified":"2025-05-20T13:55:04+00:00","breadcrumb":{"@id":"https:\/\/emmanuel-buffet.fr\/?page_id=2#breadcrumb"},"inLanguage":"fr-FR","potentialAction":[{"@type":"ReadAction","target":["https:\/\/emmanuel-buffet.fr\/?page_id=2"]}]},{"@type":"ImageObject","inLanguage":"fr-FR","@id":"https:\/\/emmanuel-buffet.fr\/?page_id=2#primaryimage","url":"https:\/\/emmanuel-buffet.fr\/wp-content\/uploads\/2025\/05\/emmanuel-buffet-comedien-nantes-acteur-voix-off-009.jpg","contentUrl":"https:\/\/emmanuel-buffet.fr\/wp-content\/uploads\/2025\/05\/emmanuel-buffet-comedien-nantes-acteur-voix-off-009.jpg","width":800,"height":1000},{"@type":"BreadcrumbList","@id":"https:\/\/emmanuel-buffet.fr\/?page_id=2#breadcrumb","itemListElement":[{"@type":"ListItem","position":1,"name":"Accueil","item":"https:\/\/emmanuel-buffet.fr\/"},{"@type":"ListItem","position":2,"name":"C.V."}]},{"@type":"WebSite","@id":"https:\/\/emmanuel-buffet.fr\/#website","url":"https:\/\/emmanuel-buffet.fr\/","name":"Emmanuel Buffet com\u00e9dien et voix off Nantes","description":"Emmanuel Buffet com\u00e9dien voix-OFF Nantes","potentialAction":[{"@type":"SearchAction","target":{"@type":"EntryPoint","urlTemplate":"https:\/\/emmanuel-buffet.fr\/?s={search_term_string}"},"query-input":{"@type":"PropertyValueSpecification","valueRequired":true,"valueName":"search_term_string"}}],"inLanguage":"fr-FR"}]}},"_links":{"self":[{"href":"https:\/\/emmanuel-buffet.fr\/index.php?rest_route=\/wp\/v2\/pages\/2","targetHints":{"allow":["GET"]}}],"collection":[{"href":"https:\/\/emmanuel-buffet.fr\/index.php?rest_route=\/wp\/v2\/pages"}],"about":[{"href":"https:\/\/emmanuel-buffet.fr\/index.php?rest_route=\/wp\/v2\/types\/page"}],"author":[{"embeddable":true,"href":"https:\/\/emmanuel-buffet.fr\/index.php?rest_route=\/wp\/v2\/users\/1"}],"replies":[{"embeddable":true,"href":"https:\/\/emmanuel-buffet.fr\/index.php?rest_route=%2Fwp%2Fv2%2Fcomments&post=2"}],"version-history":[{"count":86,"href":"https:\/\/emmanuel-buffet.fr\/index.php?rest_route=\/wp\/v2\/pages\/2\/revisions"}],"predecessor-version":[{"id":1225,"href":"https:\/\/emmanuel-buffet.fr\/index.php?rest_route=\/wp\/v2\/pages\/2\/revisions\/1225"}],"wp:attachment":[{"href":"https:\/\/emmanuel-buffet.fr\/index.php?rest_route=%2Fwp%2Fv2%2Fmedia&parent=2"}],"curies":[{"name":"wp","href":"https:\/\/api.w.org\/{rel}","templated":true}]}}